{"id":1902,"date":"2018-04-12T12:20:50","date_gmt":"2018-04-12T15:20:50","guid":{"rendered":"http:\/\/wp.funceme.br\/?page_id=1902"},"modified":"2025-05-26T09:58:59","modified_gmt":"2025-05-26T12:58:59","slug":"aplicativos","status":"publish","type":"page","link":"http:\/\/www.funceme.br\/?page_id=1902","title":{"rendered":"Aplicativos"},"content":{"rendered":"\r\n<section class=\"servico-app\">\r\n\t<div class=\"container\">\r\n        \t\t\r\n                            <form style=\"display: none;\" action=\"http:\/\/www.funceme.br\" method=\"GET\" class=\"form-auto-submit-on-change form-aplicativos\" data-pre-selected=\"\" data-unfiltered-url=\"http:\/\/www.funceme.br\/?post_type=aplicativo\" data-no-items=\"Nada encontrado|Desculpe, n\u00e3o encontramos nenhum conte\u00fado correspondendo aos crit\u00e9rios informados. Que tal tentar o campo de busca?\">\r\n                                                        <label><input type=\"radio\" name=\"appcat\" value=\"meteorologia\"><p> Meteorologia <\/p> <\/label>\r\n                                <input type=\"submit\" value=\"Filtrar\">\r\n            <\/form>\r\n        \r\n                        <div class=\"box\" data-cats=\"|meteorologia|\">\r\n                    <figure>\r\n                        <img width=\"46\" height=\"46\" src=\"http:\/\/www.funceme.br\/wp-content\/uploads\/2023\/07\/funceme_tempo-2.png\" class=\"attachment-thumb size-thumb wp-post-image\" alt=\"\" decoding=\"async\" loading=\"lazy\" \/>                        <figcaption>\r\n                            <h3>Funceme Tempo<\/h3>\r\n                            Todas as informa\u00e7\u00f5es essenciais sobre o tempo no Nordeste do Brasil que voc\u00ea venha a precisar est\u00e3o agora a um clique de distancia. Apresentado de forma clara, elegante e com suas informa\u00e7\u00f5es provenientes da Funceme, um instituto de pesquisa em Meteorologia e Recursos H\u00eddricos para o Governo do Estado do Cear\u00e1. Tamb\u00e9m s\u00e3o feitas previs\u00f5es para varias cidades da Regi\u00e3o Nordeste do Brasil. Apesar de esta vers\u00e3o estar completamente operacional, nosso time est\u00e1 trabalhando duro em melhorias. Este aplicativo e suas atualiza\u00e7\u00f5es s\u00e3o de gra\u00e7a.                        <\/figcaption>\r\n                    <\/figure>\r\n                                            <div class=\"download\">\r\n                                                            <a href=\"https:\/\/play.google.com\/store\/apps\/details?id=br.com.ceweather.activity&hl=pt\" target=\"_blank\"><img src=\"http:\/\/www.funceme.br\/wp-content\/themes\/ceara2021\/assets\/images\/google-play.png\" alt=\"Google Play\" \/><\/a>\r\n                                                                                        <a href=\"https:\/\/itunes.apple.com\/us\/app\/funceme-tempo\/id451344274?mt=8\" target=\"_blank\"><img src=\"http:\/\/www.funceme.br\/wp-content\/themes\/ceara2021\/assets\/images\/app-store.png\" alt=\"Apple Store\" \/><\/a>\r\n                                                    <\/div>\r\n                                    <\/div>\r\n                            <div class=\"box\">\r\n                    <figure>\r\n                        <img width=\"46\" height=\"46\" src=\"http:\/\/www.funceme.br\/wp-content\/uploads\/2024\/12\/unnamed.webp\" class=\"attachment-thumb size-thumb wp-post-image\" alt=\"Solos + Cear\u00e1\" decoding=\"async\" loading=\"lazy\" \/>                        <figcaption>\r\n                            <h3>Solos + Cear\u00e1<\/h3>\r\n                            Mapas interativos: Explore e navegue facilmente em mapas detalhados. Consultas r\u00e1pidas: Obtenha informa\u00e7\u00f5es precisas sobre tipos de solo ao inserir coordenadas. Favoritar pontos: Marque e salve locais importantes diretamente no mapa. Visualiza\u00e7\u00e3o simplificada: Interface f\u00e1cil de usar, com foco na experi\u00eancia do usu\u00e1rio.                        <\/figcaption>\r\n                    <\/figure>\r\n                                            <div class=\"download\">\r\n                                                            <a href=\"https:\/\/play.google.com\/store\/apps\/details?id=br.funceme.solos\" target=\"_blank\"><img src=\"http:\/\/www.funceme.br\/wp-content\/themes\/ceara2021\/assets\/images\/google-play.png\" alt=\"Google Play\" \/><\/a>\r\n                                                                                        <a href=\"https:\/\/apps.apple.com\/us\/app\/solos-cear\u00e1\/id6738799020\" target=\"_blank\"><img src=\"http:\/\/www.funceme.br\/wp-content\/themes\/ceara2021\/assets\/images\/app-store.png\" alt=\"Apple Store\" \/><\/a>\r\n                                                    <\/div>\r\n                                    <\/div>\r\n                            <div class=\"box\" data-cats=\"|meteorologia|\">\r\n                    <figure>\r\n                        <img width=\"33\" height=\"46\" src=\"http:\/\/www.funceme.br\/wp-content\/uploads\/2018\/11\/mobitor-.jpg\" class=\"attachment-thumb size-thumb wp-post-image\" alt=\"\" decoding=\"async\" loading=\"lazy\" srcset=\"http:\/\/www.funceme.br\/wp-content\/uploads\/2018\/11\/mobitor-.jpg 300w, http:\/\/www.funceme.br\/wp-content\/uploads\/2018\/11\/mobitor--170x230.jpg 170w\" sizes=\"(max-width: 33px) 100vw, 33px\" \/>                        <figcaption>\r\n                            <h3>Monitor de Secas<\/h3>\r\n                            O Monitor de Secas \u00e9 um processo de acompanhamento regular e peri\u00f3dico da situa\u00e7\u00e3o da seca no Nordeste, cujos resultados consolidados s\u00e3o divulgados por meio do Mapa do Monitor de Secas. Mensalmente informa\u00e7\u00f5es sobre a situa\u00e7\u00e3o de secas s\u00e3o disponibilizadas at\u00e9 o m\u00eas anterior, com indicadores que refletem o curto prazo (\u00faltimos 3, 4 e 6 meses) e o longo prazo (\u00faltimos 12, 18 e 24 meses), indicando a evolu\u00e7\u00e3o da seca na regi\u00e3o.                        <\/figcaption>\r\n                    <\/figure>\r\n                                            <div class=\"download\">\r\n                                                            <a href=\"https:\/\/play.google.com\/store\/apps\/details?id=br.funceme.monitordesecas\" target=\"_blank\"><img src=\"http:\/\/www.funceme.br\/wp-content\/themes\/ceara2021\/assets\/images\/google-play.png\" alt=\"Google Play\" \/><\/a>\r\n                                                                                        <a href=\"https:\/\/itunes.apple.com\/br\/app\/monitor-de-secas\/id1262006780\" target=\"_blank\"><img src=\"http:\/\/www.funceme.br\/wp-content\/themes\/ceara2021\/assets\/images\/app-store.png\" alt=\"Apple Store\" \/><\/a>\r\n                                                    <\/div>\r\n                                    <\/div>\r\n                            <div class=\"box\" data-cats=\"|meteorologia|\">\r\n                    <figure>\r\n                        <img width=\"46\" height=\"46\" src=\"http:\/\/www.funceme.br\/wp-content\/uploads\/2018\/11\/calendario-de-chuvas.png\" class=\"attachment-thumb size-thumb wp-post-image\" alt=\"\" decoding=\"async\" loading=\"lazy\" \/>                        <figcaption>\r\n                            <h3>Calend\u00e1rio de Chuvas<\/h3>\r\n                            No aplicativo Calend\u00e1rio das Chuvas voc\u00ea poder\u00e1 acompanhar as informa\u00e7\u00f5es das precipita\u00e7\u00f5es do Cear\u00e1. \u00c9 poss\u00edvel ver os dados de v\u00e1rias maneiras diferentes, precipita\u00e7\u00f5es por munic\u00edpios, por macrorregi\u00f5es, por sub-bacias, por regi\u00f5es hidrogr\u00e1ficas, por reservat\u00f3rios e para todo o Estado. Voc\u00ea pode consultar os dados di\u00e1rios, mensais, trimestrais, quadrimestrais ou anuais.                        <\/figcaption>\r\n                    <\/figure>\r\n                                            <div class=\"download\">\r\n                                                            <a href=\"https:\/\/play.google.com\/store\/apps\/details?id=br.funceme.calendariochuvas\" target=\"_blank\"><img src=\"http:\/\/www.funceme.br\/wp-content\/themes\/ceara2021\/assets\/images\/google-play.png\" alt=\"Google Play\" \/><\/a>\r\n                                                                                        <a href=\"https:\/\/itunes.apple.com\/br\/app\/calend%C3%A1rio-das-chuvas\/id1062939881\" target=\"_blank\"><img src=\"http:\/\/www.funceme.br\/wp-content\/themes\/ceara2021\/assets\/images\/app-store.png\" alt=\"Apple Store\" \/><\/a>\r\n                                                    <\/div>\r\n                                    <\/div>\r\n                            <div class=\"box\">\r\n                    <figure>\r\n                        <img width=\"46\" height=\"46\" src=\"http:\/\/www.funceme.br\/wp-content\/uploads\/2018\/11\/mares.jpg\" class=\"attachment-thumb size-thumb wp-post-image\" alt=\"\" decoding=\"async\" loading=\"lazy\" \/>                        <figcaption>\r\n                            <h3>Funceme Mar\u00e9s<\/h3>\r\n                            Ferramenta com detalhes da t\u00e1bua de mar\u00e9s dos portos do Mucuripe e Pec\u00e9m, no Cear\u00e1, de forma semanal com as informa\u00e7\u00f5es das fases da Lua.                        <\/figcaption>\r\n                    <\/figure>\r\n                                            <div class=\"download\">\r\n                                                            <a href=\"https:\/\/play.google.com\/store\/apps\/details?id=br.com.ceweather.maresluas\" target=\"_blank\"><img src=\"http:\/\/www.funceme.br\/wp-content\/themes\/ceara2021\/assets\/images\/google-play.png\" alt=\"Google Play\" \/><\/a>\r\n                                                                                        <a href=\"https:\/\/itunes.apple.com\/br\/app\/mar%C3%A9s\/id526714068\" target=\"_blank\"><img src=\"http:\/\/www.funceme.br\/wp-content\/themes\/ceara2021\/assets\/images\/app-store.png\" alt=\"Apple Store\" \/><\/a>\r\n                                                    <\/div>\r\n                                    <\/div>\r\n                            <div class=\"box\">\r\n                    <figure>\r\n                        <img width=\"46\" height=\"46\" src=\"http:\/\/www.funceme.br\/wp-content\/uploads\/2018\/11\/portal-hidro.jpg\" class=\"attachment-thumb size-thumb wp-post-image\" alt=\"\" decoding=\"async\" loading=\"lazy\" \/>                        <figcaption>\r\n                            <h3>Portal Hidrol\u00f3gico do Cear\u00e1<\/h3>\r\n                            Aplicativo desenvolvido pelo Governo do Estado do Cear\u00e1 em uma parceria entre a Companhia de Gest\u00e3o dos Recursos H\u00eddricos (Cogerh) e a Funda\u00e7\u00e3o Cearense de Meteorologia e Recursos H\u00eddricos do Cear\u00e1 (Funceme) para disponibilizar informa\u00e7\u00f5es como n\u00edvel, volume, capacidade dos reservat\u00f3rios do Estado.                        <\/figcaption>\r\n                    <\/figure>\r\n                                            <div class=\"download\">\r\n                                                            <a href=\"https:\/\/play.google.com\/store\/apps\/details?id=br.gov.ce.hidro\" target=\"_blank\"><img src=\"http:\/\/www.funceme.br\/wp-content\/themes\/ceara2021\/assets\/images\/google-play.png\" alt=\"Google Play\" \/><\/a>\r\n                                                                                        <a href=\"https:\/\/itunes.apple.com\/br\/app\/portal-hidrol%C3%B3gico-do-cear%C3%A1\/id533501366?l=en&mt=8\" target=\"_blank\"><img src=\"http:\/\/www.funceme.br\/wp-content\/themes\/ceara2021\/assets\/images\/app-store.png\" alt=\"Apple Store\" \/><\/a>\r\n                                                    <\/div>\r\n                                    <\/div>\r\n                    \t<\/div>\r\n<\/section>\r\n\n<p>&nbsp;<\/p>\n","protected":false},"excerpt":{"rendered":"<p>&nbsp;<\/p>\n","protected":false},"author":1,"featured_media":0,"parent":1818,"menu_order":3,"comment_status":"open","ping_status":"open","template":"pagina-lista-filhas.php","meta":[],"acf":[],"_links":{"self":[{"href":"http:\/\/www.funceme.br\/index.php?rest_route=\/wp\/v2\/pages\/1902"}],"collection":[{"href":"http:\/\/www.funceme.br\/index.php?rest_route=\/wp\/v2\/pages"}],"about":[{"href":"http:\/\/www.funceme.br\/index.php?rest_route=\/wp\/v2\/types\/page"}],"author":[{"embeddable":true,"href":"http:\/\/www.funceme.br\/index.php?rest_route=\/wp\/v2\/users\/1"}],"replies":[{"embeddable":true,"href":"http:\/\/www.funceme.br\/index.php?rest_route=%2Fwp%2Fv2%2Fcomments&post=1902"}],"version-history":[{"count":4,"href":"http:\/\/www.funceme.br\/index.php?rest_route=\/wp\/v2\/pages\/1902\/revisions"}],"predecessor-version":[{"id":14159,"href":"http:\/\/www.funceme.br\/index.php?rest_route=\/wp\/v2\/pages\/1902\/revisions\/14159"}],"up":[{"embeddable":true,"href":"http:\/\/www.funceme.br\/index.php?rest_route=\/wp\/v2\/pages\/1818"}],"wp:attachment":[{"href":"http:\/\/www.funceme.br\/index.php?rest_route=%2Fwp%2Fv2%2Fmedia&parent=1902"}],"curies":[{"name":"wp","href":"https:\/\/api.w.org\/{rel}","templated":true}]}}