{"id":2770,"date":"2019-02-12T14:27:03","date_gmt":"2019-02-12T17:27:03","guid":{"rendered":"http:\/\/wp.funceme.br\/?page_id=2770"},"modified":"2019-02-20T15:46:33","modified_gmt":"2019-02-20T18:46:33","slug":"zoneamento-geoambiental","status":"publish","type":"page","link":"http:\/\/www.funceme.br\/?page_id=2770","title":{"rendered":"Zoneamento Geoambiental"},"content":{"rendered":"<p>O Zoneamento Geoambiental \u00e9 um instrumento t\u00e9cnico voltado para o planejamento ambiental, proporcionando par\u00e2metros e refer\u00eancias para uma reavalia\u00e7\u00e3o permanente do processo de planejamento, principalmente dos setores agr\u00edcola, mineral, dentre outros. Com base em estudos realizados atrav\u00e9s de levantamentos setoriais e\/ou integrado dos recursos naturais e do meio ambiente, utilizando t\u00e9cnicas de sensoriamento remoto a\u00e9reo e orbital e geoprocessamento, adotam-se procedimentos metodol\u00f3gicos capazes de conduzir \u00e0 delimita\u00e7\u00e3o de unidades geoambientais, em conson\u00e2ncia com proposi\u00e7\u00f5es geossist\u00eamicas. Al\u00e9m de serem dimensionadas as unidades geo-ambientais, incluem-se os munic\u00edpios que nelas se enquadram, discriminando seu potencial e limita\u00e7\u00f5es de uso dos recursos naturais; as condi\u00e7\u00f5es ecodin\u00e2micas e a vulnerabilidade, como tamb\u00e9m o uso compat\u00edvel visando sua sustentabilidade. Nesse contexto, a Funceme desenvolveu trabalhos em escalas regional, estadual e municipal.<\/p>\n<p><strong>Zoneamento Regional<\/strong><\/p>\n<p><span class=\"currency_converter_text\"><img decoding=\"async\" src=\"http:\/\/www3.funceme.br\/images\/mapas_tematicos\/regional1.jpg\" border=\"0\" \/>Redimensionamento da Regi\u00e3o Semi-\u00c1rida do Nordeste do Brasil &#8211; Resumo &#8211; Os objetivos fundamentais do presente trabalho, s\u00e3o: (<\/span><span class=\"currency_converter_link\" title=\"Convert this amount\">1<\/span><span class=\"currency_converter_text\">) Apresentar crit\u00e9rios para a defini\u00e7\u00e3o da semi-aridez regional e (<\/span><span class=\"currency_converter_text\">2<\/span><span class=\"currency_converter_text\">) com base nos crit\u00e9rios estabelecidos, indicar e delimitar o espa\u00e7o do semi-\u00e1rido brasileiro e os munic\u00edpios nele inclu\u00eddos. Visa-se, essencialmente, apresentar um redimen-sionamento da regi\u00e3o semi-\u00e1rida do nordeste brasileiro de modo a amparar, t\u00e9cnica e cientificamente, as institui\u00e7\u00f5es oficiais (BNB, SUDENE e outras), que lidam com os incentivos fiscais e governamentais oriundos do Fundo Constitucional de Financiamento do Nordeste (FNE). O referido Fundo, institucionalizado legalmente em\u00a0<\/span><span class=\"currency_converter_text\">27<\/span><span class=\"currency_converter_text\">\u00a0de setembro de\u00a0<\/span><span class=\"currency_converter_link\" title=\"Convert this amount\">1989<\/span><span class=\"currency_converter_text\">, pela Lei Federal\u00a0<\/span><span class=\"currency_converter_link\" title=\"Convert this amount\">7.827<\/span><span class=\"currency_converter_text\">, elegeu o volume pluviom\u00e9trico como fator respons\u00e1vel pela delimita\u00e7\u00e3o da \u00e1rea semi-\u00e1rida. O crit\u00e9rio b\u00e1sico e exclusivo para a referida delimita\u00e7\u00e3o, ficou restrito \u00e0 isoieta m\u00e9dia anual de\u00a0<\/span><span class=\"currency_converter_link\" title=\"Convert this amount\">800<\/span><span class=\"currency_converter_text\">mm que tem-se revelado insuficiente e de aplica\u00e7\u00e3o inadequada. O presente trabalho prop\u00f5e, por conseq\u00fc\u00eancia, ao inv\u00e9s de um \u00fanico par\u00e2metro (volume pluviom\u00e9trico) para definir o semi-\u00e1rido, crit\u00e9rios variados e de natureza geo-ecol\u00f3gica.<\/span><\/p>\n<p><strong>Zoneamento Estadual<\/strong><\/p>\n<p><span class=\"currency_converter_text\"><img decoding=\"async\" src=\"http:\/\/www3.funceme.br\/images\/mapas_tematicos\/estadual1.jpg\" border=\"0\" \/>Redimensionamento da Regi\u00e3o Semi-\u00c1rida do Nordeste do Brasil &#8211; Resumo &#8211; Os objetivos fundamentais do presente trabalho, s\u00e3o: (<\/span><span class=\"currency_converter_link\" title=\"Convert this amount\">1<\/span><span class=\"currency_converter_text\">) Apresentar crit\u00e9rios para a defini\u00e7\u00e3o da semi-aridez regional e (<\/span><span class=\"currency_converter_text\">2<\/span><span class=\"currency_converter_text\">) com base nos crit\u00e9rios estabelecidos, indicar e delimitar o espa\u00e7o do semi-\u00e1rido brasileiro e os munic\u00edpios nele inclu\u00eddos. Visa-se, essencialmente, apresentar um redimen-sionamento da regi\u00e3o semi-\u00e1rida do nordeste brasileiro de modo a amparar, t\u00e9cnica e cientificamente, as institui\u00e7\u00f5es oficiais (BNB, SUDENE e outras), que lidam com os incentivos fiscais e governamentais oriundos do Fundo Constitucional de Financiamento do Nordeste (FNE). O referido Fundo, institucionalizado legalmente em\u00a0<\/span><span class=\"currency_converter_text\">27<\/span><span class=\"currency_converter_text\">\u00a0de setembro de\u00a0<\/span><span class=\"currency_converter_link\" title=\"Convert this amount\">1989<\/span><span class=\"currency_converter_text\">, pela Lei Federal\u00a0<\/span><span class=\"currency_converter_link\" title=\"Convert this amount\">7.827<\/span><span class=\"currency_converter_text\">, elegeu o volume pluviom\u00e9trico como fator respons\u00e1vel pela delimita\u00e7\u00e3o da \u00e1rea semi-\u00e1rida. O crit\u00e9rio b\u00e1sico e exclusivo para a referida delimita\u00e7\u00e3o, ficou restrito \u00e0 isoieta m\u00e9dia anual de\u00a0<\/span><span class=\"currency_converter_link\" title=\"Convert this amount\">800<\/span><span class=\"currency_converter_text\">mm que tem-se revelado insuficiente e de aplica\u00e7\u00e3o inadequada. O presente trabalho prop\u00f5e, por conseq\u00fc\u00eancia, ao inv\u00e9s de um \u00fanico par\u00e2metro (volume pluviom\u00e9trico) para definir o semi-\u00e1rido, crit\u00e9rios variados e de natureza geo-ecol\u00f3gica.<\/span><\/p>\n<p><strong>Zoneamento Municipal<\/strong><\/p>\n<p><span class=\"currency_converter_text\"><img decoding=\"async\" src=\"http:\/\/www3.funceme.br\/images\/mapas_tematicos\/municipal1.jpg\" border=\"0\" \/>Zoneamento agro-ecol\u00f3gico do munic\u00edpio de Itapipoca &#8211; Resumo &#8211; Atrav\u00e9s de informa\u00e7\u00f5es de solos obtidas do mapa explorat\u00f3rio-reconhecimento de solos do Estado do Cear\u00e1 e informa\u00e7\u00f5es de geologia\/geomorfologia e vegeta\u00e7\u00e3o, obtidas atrav\u00e9s de interpreta\u00e7\u00e3o visual de imagens TM LANDSAT-<\/span><span class=\"currency_converter_link\" title=\"Convert this amount\">5<\/span><span class=\"currency_converter_text\">, com o aux\u00edlio do Mapa Geol\u00f3gico do Estado do Cear\u00e1, executou-se o Zoneamento Agroecol\u00f3gico do munic\u00edpio de Itapipoca-CE. O \u00e1rea est\u00e1 situada entre os paralelos\u00a0<\/span><span class=\"currency_converter_link\" title=\"Convert this amount\">3<\/span><span class=\"currency_converter_text\">o<\/span><span class=\"currency_converter_link\" title=\"Convert this amount\">05<\/span><span class=\"currency_converter_text\">&#8216; e\u00a0<\/span><span class=\"currency_converter_link\" title=\"Convert this amount\">3<\/span><span class=\"currency_converter_text\">o<\/span><span class=\"currency_converter_link\" title=\"Convert this amount\">22<\/span><span class=\"currency_converter_text\">&#8216; S e\u00a0<\/span><span class=\"currency_converter_link\" title=\"Convert this amount\">39<\/span><span class=\"currency_converter_text\">o<\/span><span class=\"currency_converter_link\" title=\"Convert this amount\">45<\/span><span class=\"currency_converter_text\">&#8216; e\u00a0<\/span><span class=\"currency_converter_link\" title=\"Convert this amount\">39<\/span><span class=\"currency_converter_text\">o<\/span><span class=\"currency_converter_link\" title=\"Convert this amount\">48<\/span><span class=\"currency_converter_text\">&#8216; de longitude, \u00e0 oeste de Greenwich, com \u00e1rea aproximada de\u00a0<\/span><span class=\"currency_converter_text\">154.416<\/span><span class=\"currency_converter_text\">ha. A metodologia empregada teve como base a aplica\u00e7\u00e3o da teoria geossist\u00eamica (BERTRAND,\u00a0<\/span><span class=\"currency_converter_link\" title=\"Convert this amount\">1971<\/span><span class=\"currency_converter_text\">) com adapta\u00e7\u00f5es, utilizando-se o Sistema de Informa\u00e7\u00f5es Geogr\u00e1ficas SGI\/INPE\/ENGESPA\u00c7O, vers\u00e3o<\/span><span class=\"currency_converter_link\" title=\"Convert this amount\">2.3<\/span><span class=\"currency_converter_text\">, para armazenamento e manipula\u00e7\u00e3o dos dados. Do cruzamento do mapa de solos, geol\u00f3gico\/geomorfol\u00f3gico e vegeta\u00e7\u00e3o, agregando-se informa\u00e7\u00f5es de clima, hidrografia e uso e ocupa\u00e7\u00e3o da terra, obteve-se o mapa de zoneamento agroecol\u00f3gico, com os seguintes ecossistemas \/ geof\u00e1cies: Plan\u00edcie Litor\u00e2nea, com \u00e1rea de\u00a0<\/span><span class=\"currency_converter_text\">3.664<\/span><span class=\"currency_converter_text\">ha; Plan\u00edcie Fluvial, com \u00e1rea de\u00a0<\/span><span class=\"currency_converter_text\">2.694<\/span><span class=\"currency_converter_text\">ha; Glacis Pr\u00e9-Litor\u00e2neo, com\u00a0<\/span><span class=\"currency_converter_text\">54.985<\/span><span class=\"currency_converter_text\">ha; Depress\u00e3o Sertaneja, com\u00a0<\/span><span class=\"currency_converter_text\">63.376<\/span><span class=\"currency_converter_text\">ha e Maci\u00e7o Residual, com \u00e1rea de\u00a0<\/span><span class=\"currency_converter_text\">26.856<\/span><span class=\"currency_converter_text\">ha. Foram realizados trabalhos de campo para checagem dos fatores considerados na identifica\u00e7\u00e3o das unidades geoambientais obtidos na interpreta\u00e7\u00e3o visual das imagens de sat\u00e9lite, ou seja, vegeta\u00e7\u00e3o e geologia\/geomorfologia, como, tamb\u00e9m, do mapa resultante obtido do cruzamento. Foi, igualmente, desenvolvido um estudo da ecodin\u00e2mica do ambiente, classificando-o e analisando sua sustentabilidade. Contemplaram-se, ainda, as potencialidades e limita\u00e7\u00f5es agr\u00edcolas da \u00e1rea em estudo. Foram analisadas, para cada unidade geoambiental configurada, as potencialidades e as limita\u00e7\u00f5es dos recursos naturais renov\u00e1veis.<\/span><\/p>\n","protected":false},"excerpt":{"rendered":"<p>O Zoneamento Geoambiental \u00e9 um instrumento t\u00e9cnico voltado para o planejamento ambiental, proporcionando par\u00e2metros e refer\u00eancias para uma reavalia\u00e7\u00e3o permanente do processo de planejamento, principalmente dos setores agr\u00edcola, mineral, dentre outros. Com base em estudos realizados atrav\u00e9s de levantamentos setoriais e\/ou integrado dos recursos naturais e do meio ambiente, utilizando t\u00e9cnicas de sensoriamento remoto a\u00e9reo [&hellip;]<\/p>\n","protected":false},"author":1,"featured_media":0,"parent":2122,"menu_order":0,"comment_status":"closed","ping_status":"closed","template":"","meta":[],"acf":[],"_links":{"self":[{"href":"http:\/\/www.funceme.br\/index.php?rest_route=\/wp\/v2\/pages\/2770"}],"collection":[{"href":"http:\/\/www.funceme.br\/index.php?rest_route=\/wp\/v2\/pages"}],"about":[{"href":"http:\/\/www.funceme.br\/index.php?rest_route=\/wp\/v2\/types\/page"}],"author":[{"embeddable":true,"href":"http:\/\/www.funceme.br\/index.php?rest_route=\/wp\/v2\/users\/1"}],"replies":[{"embeddable":true,"href":"http:\/\/www.funceme.br\/index.php?rest_route=%2Fwp%2Fv2%2Fcomments&post=2770"}],"version-history":[{"count":2,"href":"http:\/\/www.funceme.br\/index.php?rest_route=\/wp\/v2\/pages\/2770\/revisions"}],"predecessor-version":[{"id":3449,"href":"http:\/\/www.funceme.br\/index.php?rest_route=\/wp\/v2\/pages\/2770\/revisions\/3449"}],"up":[{"embeddable":true,"href":"http:\/\/www.funceme.br\/index.php?rest_route=\/wp\/v2\/pages\/2122"}],"wp:attachment":[{"href":"http:\/\/www.funceme.br\/index.php?rest_route=%2Fwp%2Fv2%2Fmedia&parent=2770"}],"curies":[{"name":"wp","href":"https:\/\/api.w.org\/{rel}","templated":true}]}}