{"id":2807,"date":"2019-02-13T11:36:55","date_gmt":"2019-02-13T14:36:55","guid":{"rendered":"http:\/\/wp.funceme.br\/?page_id=2807"},"modified":"2019-05-03T15:46:46","modified_gmt":"2019-05-03T18:46:46","slug":"projetos-e-mapas","status":"publish","type":"page","link":"http:\/\/www.funceme.br\/?page_id=2807","title":{"rendered":"PROJETOS E MAPAS"},"content":{"rendered":"<p>&nbsp;<\/p>\n<h4><span style=\"color: #fc6836;\"><strong>RELA\u00c7\u00c3O DE PROJETOS CONCLU\u00cdDOS DA \u00c1REA DE RECURSOS H\u00cdDRICOS<\/strong><\/span><\/h4>\n<p>&nbsp;<\/p>\n<p style=\"text-align: justify;\">Os estudos e pesquisas cient\u00edficas desta \u00e1rea est\u00e3o voltados para o diagn\u00f3stico e acompanhamento dos recursos naturais renov\u00e1veis e das condi\u00e7\u00f5es geoambientais em n\u00edvel municipal, estadual e regional, gerando informa\u00e7\u00f5es din\u00e2micas e atualizadas, atrav\u00e9s de t\u00e9cnicas de sensoriamento remoto, geoprocessamento e outras, vinculado ao Banco de Dados Espacial, e promovendo ampla dissemina\u00e7\u00e3o dos resultados obtidos.<\/p>\n<p>&nbsp;<\/p>\n<ul class=\"ListaEst\">\n<li><a> CONCLU\u00cdDOS <\/a><\/li>\n<\/ul>\n<p>&nbsp;<\/p>\n<p class=\"destacado\"><a style=\"color: #108441;\" href=\"wp-content\/uploads\/2019\/02\/Projeto-PRODHAM.pdf\"><strong>PRODHAM &#8211; Projeto de Preserva\u00e7\u00e3o e Recupera\u00e7\u00e3o Hidroambiental <\/strong><\/a><\/p>\n<p>&nbsp;<\/p>\n<p class=\"destacado\"><a style=\"color: #108441;\" href=\"wp-content\/uploads\/2019\/02\/Projeto-MAPAAR.pdf\"><strong>PROJETO MAPAAR &#8211; Uso de MDT e Imagens de Sat\u00e9lite para Mapeamento e Avalia\u00e7\u00e3o do Potencial Hidrol\u00f3gico dos Pequenos Aqu\u00edferos Aluviais em Escala Regional<\/strong><\/a><\/p>\n<p>&nbsp;<\/p>\n<p class=\"destacado\"><a style=\"color: #108441;\" href=\"wp-content\/uploads\/2019\/02\/Projeto-Munda\u00fa.pdf\"><strong>PROJETO MUNDA\u00da &#8211; Estudo Integrado da Bacia Hidrogr\u00e1fica do Rio Munda\u00fa<\/strong><\/a><\/p>\n<p>&nbsp;<\/p>\n<p class=\"destacado\"><a style=\"color: #108441;\" href=\"wp-content\/uploads\/2019\/02\/Projeto-Cristalino.pdf\"><strong>PROJETO CRISTALINO &#8211; Levantamento Geof\u00edsico Integrado para Explora\u00e7\u00e3o de \u00c1gua Subterr\u00e2nea no Cristalino<\/strong><\/a><\/p>\n<p>&nbsp;<\/p>\n<p class=\"destacado\"><a style=\"color: #108441;\" href=\"wp-content\/uploads\/2019\/02\/Projeto-Chico.pdf\"><strong>PROJETO CHICO &#8211; Uso de Previs\u00e3o de Aflu\u00eancias na Opera\u00e7\u00e3o de Reservat\u00f3rios do Semi\u00e1rido<\/strong><\/a><\/p>\n<p>&nbsp;<\/p>\n<p class=\"destacado\"><a style=\"color: #108441;\" href=\"wp-content\/uploads\/2019\/02\/Aluviao.pdf\"><strong>PROJETO ALUVI\u00c3O &#8211; Mapeamento e Avalia\u00e7\u00e3o do Potencial H\u00eddrico Subterr\u00e2neo dos Aluvi\u00f5es em Zonas Semi\u00e1ridas<\/strong><\/a><\/p>\n<p>&nbsp;<\/p>\n<p class=\"destacado\"><a style=\"color: #108441;\" href=\"wp-content\/uploads\/2019\/02\/Projeto-Pirangi.pdf\"><strong>PROJETO PIRANGI &#8211; Avalia\u00e7\u00e3o do Uso Potencial de \u00c1reas Estuarinas a Partir da Identifica\u00e7\u00e3o e Caracteriza\u00e7\u00e3o do Comportamento de Vari\u00e1veis Hidroclim\u00e1ticas, Oceanogr\u00e1ficas e Ambientais \u2013 Estudos de Caso: Rio Pirangi<\/strong><\/a><\/p>\n<p>&nbsp;<\/p>\n<p class=\"destacado\"><a style=\"color: #108441;\" href=\"wp-content\/uploads\/2019\/02\/Projeto-Perdas.pdf\"><strong>PROJETO PERDAS &#8211; Avalia\u00e7\u00e3o das Perdas de \u00c1gua em Tr\u00e2nsito em Rios Perenizados do Semi\u00e1rido<\/strong><\/a><\/p>\n<p>&nbsp;<\/p>\n<p class=\"destacado\"><a style=\"color: #108441;\" href=\"wp-content\/uploads\/2019\/02\/PROJETO-ESTUDO-DA-QUALIDADE-DAS-\u00c1GUAS-EM-RESERVAT\u00d3RIOS-SUPERFICIAIS-DA-BACIA-METROPOLITANA.pdf\"><strong>PROJETO QUALIDADE &#8211; Estudo da Qualidade das \u00c1guas em Reservat\u00f3rios Superficiais das Bacias Metropolitanas<\/strong><\/a><\/p>\n<p>&nbsp;<\/p>\n<p class=\"destacado\"><a style=\"color: #108441;\" href=\"wp-content\/uploads\/2019\/02\/Projeto-Salinidade.pdf\"><strong>PROJETO SALINIDADE &#8211; Estudo da Salinidade em Pequenas Bacias Hidrogr\u00e1ficas<\/strong><\/a><\/p>\n<p>&nbsp;<\/p>\n<p class=\"destacado\"><a style=\"color: #108441;\" href=\"wp-content\/uploads\/2019\/02\/Projeto-Al\u00edvio-EM-ANDAMENTO.pdf\"><strong>PROJETO AL\u00cdVIO &#8211; Explora\u00e7\u00e3o Sustent\u00e1vel dos Aqu\u00edferos Aluviais nas Pequenas Bacias Hidrogr\u00e1ficas do Nordeste Semi\u00e1rido<\/strong><\/a><\/p>\n<p>&nbsp;<\/p>\n<p class=\"destacado\"><a style=\"color: #108441;\" href=\"wp-content\/uploads\/2019\/02\/Projeto-Aquifaz-EM-ANDAMENTO.pdf\"><strong>PROJETO AQUIFAZ &#8211; Intera\u00e7\u00f5es entre Aqu\u00edferos Fissurais e Alivionares em Zonas Cristalinas Semi\u00e1ridas e a Evolu\u00e7\u00e3o da Press\u00e3o Antr\u00f3pica<\/strong><\/a><\/p>\n<p>&nbsp;<\/p>\n<p class=\"destacado\"><a style=\"color: #108441;\" href=\"wp-content\/uploads\/2019\/02\/Balan\u00e7o-de-Energia-EM-ANDAMENTO.pdf\"><strong>PROJETO BALAN\u00c7O DE ENERGIA &#8211; Transfer\u00eancia de Massa e Calor no Complexo Solo-Vegeta\u00e7\u00e3o-Atmosfera na Bacia Experimental<\/strong><\/a><\/p>\n<p>&nbsp;<\/p>\n<p class=\"destacado\"><a style=\"color: #108441;\" href=\"wp-content\/uploads\/2019\/02\/Projeto-Previs\u00e3o-de-Curto-Prazo-de-Vaz\u00f5es-EM-ANDAMENTO.pdf\"><strong>PROJETO DE CURTO PRAZO DE VAZ\u00d5ES &#8211; Uso de Previs\u00e3o de Cheias de Curto Prazo com Base em Modelos Atmosf\u00e9rico-Hidrol\u00f3gicos na Opera\u00e7\u00e3o Otimizada de Curto Prazo de Reservat\u00f3rios<\/strong><\/a><\/p>\n<p>&nbsp;<\/p>\n<p class=\"destacado\"><a style=\"color: #108441;\" href=\"wp-content\/uploads\/2019\/02\/PROJETO-PREVIS\u00c3O-DE-CURTO-PRAZO-DE-VENTO-E-ENERGIA-E\u00d3LICA-NO-ESTADO-DO-CEAR\u00c1-EM-ANDAMENTO.pdf\"><strong>PROJETO PREVIS\u00c3O DOS VENTOS &#8211; Previs\u00e3o de Curto Prazo de Vento e Energia E\u00f3lica do Estado do Cear\u00e1<\/strong><\/a><\/p>\n<p>&nbsp;<\/p>\n<h4><span style=\"color: #fc6836;\"><strong>RELA\u00c7\u00c3O DE PROJETOS, ATIVIDADES E MAPAS DA \u00c1REA DE MEIO AMBIENTE DA FUNCEME<\/strong><\/span><\/h4>\n<p>&nbsp;<\/p>\n<p style=\"text-align: justify;\">Compete\u00a0da \u00c1rea de Meio Ambiente: elaborar estudos,\u00a0programas\u00a0e projetos sobre os recursos naturais renov\u00e1veis, principalmente \u00e1gua, solo e vegeta\u00e7\u00e3o, gerando pesquisas e documentos cartogr\u00e1ficos tem\u00e1ticos que avaliam e monitoram as condi\u00e7\u00f5es geoambientais, subsidiando o planejamento e o desenvolvimento social e econ\u00f4mico do Estado do Cear\u00e1 em benef\u00edcio da popula\u00e7\u00e3o, para uma melhor conviv\u00eancia com as vulnerabilidades ambientais no semi\u00e1rido.<\/p>\n<p>&nbsp;<\/p>\n<ul class=\"ListaEst\">\n<li><a> DESERTIFICA\u00c7\u00c3O <\/a><\/li>\n<\/ul>\n<p>&nbsp;<\/p>\n<p class=\"destacado\"><a style=\"color: #108441;\" href=\"?page_id=2807\"><strong>Mapa da \u00c1rea Suscet\u00edvel \u00e0 Desertifica\u00e7\u00e3o\/N\u00facleos de Desertifica\u00e7\u00e3o<\/strong><\/a><strong><a style=\"color: #108441;\" href=\"?page_id=2807\">\u00a0(EM BREVE)<\/a><\/strong><\/p>\n<p>&nbsp;<\/p>\n<p class=\"destacado\"><a style=\"color: #108441;\" href=\"?page_id=2807\"><strong>Mapa da \u00c1rea Suscet\u00edvel \u00e0 Desertifica\u00e7\u00e3o no Estado do Cear\u00e1, 2005 \u2013 Escala 1:600.000<\/strong><\/a><strong><a style=\"color: #108441;\" href=\"?page_id=2807\"> (EM BREVE)<\/a><\/strong><\/p>\n<p>&nbsp;<\/p>\n<p class=\"destacado\"><a style=\"color: #108441;\" href=\"http:\/\/www.funceme.br\/wp-content\/uploads\/2019\/02\/6-Mapa_CE_Desertifica\u00e7\u00e3o_1992_A2.pdf\"><strong>Mapa das \u00c1reas Fortemente Degredadas no Estado do Cear\u00e1, 1992 &#8211; Escala 1:600.000<\/strong><\/a><\/p>\n<p>&nbsp;<\/p>\n<p class=\"destacado\"><a style=\"color: #108441;\" href=\"http:\/\/www.funceme.br\/wp-content\/uploads\/2019\/02\/7-Mapa_CE_Desertifica\u00e7\u00e3o_2016_A2.pdf\"><strong>Mapa das \u00c1reas Fortemente Degredadas no Estado do Cear\u00e1, 2016 &#8211; Escala 1:600.000<\/strong><\/a><\/p>\n<p>&nbsp;<\/p>\n<p class=\"destacado\"><a style=\"color: #108441;\" href=\"?page_id=2807\"><strong>Mapa das \u00c1reas Fortemente Degredadas na Microrregi\u00e3o do M\u00e9dio Jaguaribe e entorno, 2009 \u2013 Escala 1:250.000<\/strong><\/a><strong><a style=\"color: #108441;\" href=\"?page_id=2807\"> (EM BREVE)<\/a><\/strong><\/p>\n<p>&nbsp;<\/p>\n<p class=\"destacado\"><a style=\"color: #108441;\" href=\"?page_id=2807\"><strong>Desertifica\u00e7\u00e3o, Degrada\u00e7\u00e3o da Terra e Secas no Brasil, CGEE<\/strong><\/a><strong><a style=\"color: #108441;\" href=\"?page_id=2807\"> (EM BREVE)<\/a><\/strong><\/p>\n<p>&nbsp;<\/p>\n<p class=\"destacado\"><a style=\"color: #108441;\" href=\"?page_id=2807\"><strong>\u00c1reas Fortemente Degradadas no Estado do Cear\u00e1<\/strong><\/a><strong><a style=\"color: #108441;\" href=\"?page_id=2807\"> (EM BREVE)<\/a><\/strong><\/p>\n<p>&nbsp;<\/p>\n<ul class=\"ListaEst\">\n<li><a> ESPELHOS D&#8217;\u00c1GUA <\/a><\/li>\n<\/ul>\n<p>&nbsp;<\/p>\n<p class=\"destacado\"><a style=\"color: #108441;\" href=\"?page_id=2807\"><strong>Espelhos d\u2019\u00e1gua do Brasil em 2008 acima de 20 ha<\/strong><\/a><strong><a style=\"color: #108441;\" href=\"?page_id=2807\"> (EM BREVE)<\/a><\/strong><\/p>\n<p>&nbsp;<\/p>\n<p class=\"destacado\"><a style=\"color: #108441;\" href=\"?page_id=2807\"><strong>Espelhos d\u2019\u00e1gua do Nordeste em 2008 acima de 5 ha<\/strong><\/a><strong><a style=\"color: #108441;\" href=\"?page_id=2807\"> (EM BREVE)<\/a><\/strong><\/p>\n<p>&nbsp;<\/p>\n<p class=\"destacado\"><a style=\"color: #108441;\" href=\"http:\/\/www.funceme.br\/wp-content\/uploads\/2019\/02\/1-Mapa_CE_Espelhos-dagua_2008_A2.pdf\"><strong>Espelhos d\u2019\u00e1gua do Estado do Cear\u00e1 em 2008 acima de 0,5 ha <\/strong><\/a><\/p>\n<p>&nbsp;<\/p>\n<p class=\"destacado\"><a style=\"color: #108441;\" href=\"http:\/\/www.funceme.br\/wp-content\/uploads\/2019\/02\/2-Mapa_CE_Espelhos-dagua_2009_A2.pdf\"><strong>Espelhos d\u2019\u00e1gua do Estado do Cear\u00e1 em 2009 acima de 0,5 ha<\/strong><\/a><\/p>\n<p>&nbsp;<\/p>\n<p class=\"destacado\"><a style=\"color: #108441;\" href=\"http:\/\/www.funceme.br\/wp-content\/uploads\/2019\/02\/3-Mapa_CE_Espelhos-dagua_2013_A2.pdf\"><strong>Espelhos d\u2019\u00e1gua do Estado do Cear\u00e1 em 2013 acima de 0,5 ha<\/strong><\/a><\/p>\n<p>&nbsp;<\/p>\n<p class=\"destacado\"><a style=\"color: #108441;\" href=\"http:\/\/www.funceme.br\/wp-content\/uploads\/2019\/02\/4-Mapa_CE_Espelhos-dagua_2016_A2.pdf\"><strong>Espelhos d\u2019\u00e1gua do Estado do Cear\u00e1 em 2016 acima de 0,5 ha<\/strong><\/a><\/p>\n<p>&nbsp;<\/p>\n<p class=\"destacado\"><a style=\"color: #108441;\" href=\"http:\/\/www.funceme.br\/wp-content\/uploads\/2019\/02\/5-Mapa_CE_Espelhos-dagua_2017_A2.pdf\"><strong>Espelhos d\u2019\u00e1gua do Estado do Cear\u00e1 em 2017 acima de 0,5 ha<\/strong><\/a><\/p>\n<p>&nbsp;<\/p>\n<ul class=\"ListaEst\">\n<li><a> RECUPERA\u00c7\u00c3O DE \u00c1REA DEGRADADA <\/a><\/li>\n<\/ul>\n<p>&nbsp;<\/p>\n<p class=\"destacado\"><a style=\"color: #108441;\" href=\"?page_id=2807\"><strong>Recupera\u00e7\u00e3o de \u00c1rea Degradada em Processo de Desertifica\u00e7\u00e3o na Sub-Bacia Hidrogr\u00e1fica do Riacho do Brum no Munic\u00edpio de Jaguaribe (CE)<\/strong><\/a><strong><a style=\"color: #108441;\" href=\"?page_id=2807\"> (EM BREVE)<\/a><\/strong><\/p>\n<p>&nbsp;<\/p>\n<ul class=\"ListaEst\">\n<li><a> BACIAS HIDROGR\u00c1FICAS <\/a><\/li>\n<\/ul>\n<p>&nbsp;<\/p>\n<p class=\"destacado\"><a style=\"color: #108441;\" href=\"http:\/\/www.funceme.br\/wp-content\/uploads\/2019\/02\/16-Mapa_CE_Solos_A2.pdf\"><strong>Bacias Hidrogr\u00e1ficas do Estado do Cear\u00e1<\/strong><\/a><\/p>\n<p>&nbsp;<\/p>\n<ul class=\"ListaEst\">\n<li><a> REGI\u00d5ES DE PLANEJAMENTO <\/a><\/li>\n<\/ul>\n<p>&nbsp;<\/p>\n<p class=\"destacado\"><a style=\"color: #108441;\" href=\"http:\/\/www.funceme.br\/wp-content\/uploads\/2019\/02\/12-Mapa_CE_Regi\u00f5es_Planejamento_A2.pdf\"><strong>Regi\u00f5es de Planejamento do Estado do Cear\u00e1<\/strong><\/a><\/p>\n<p>&nbsp;<\/p>\n<ul class=\"ListaEst\">\n<li><a> SOLOS <\/a><\/li>\n<\/ul>\n<p>&nbsp;<\/p>\n<p class=\"destacado\"><a style=\"color: #108441;\" href=\"http:\/\/www.funceme.br\/wp-content\/uploads\/2019\/02\/16-Mapa_CE_Solos_A2.pdf\"><strong>Mapa Solos do Estado do Cear\u00e1 &#8211; 1972 &#8211; Escala 1:600.000<\/strong><\/a><\/p>\n<p>&nbsp;<\/p>\n<p class=\"destacado\"><a style=\"color: #108441;\" href=\"?page_id=2807\"><strong>Mapa Aptid\u00e3o Agr\u00edcola das Terras do Estado do Cear\u00e1 &#8211; 1972 \u2013 Escala 1:600.000<\/strong><\/a><strong><a style=\"color: #108441;\" href=\"?page_id=2807\"> (EM BREVE)<\/a><\/strong><\/p>\n<p>&nbsp;<\/p>\n<p class=\"destacado\"><a style=\"color: #108441;\" href=\"http:\/\/www.funceme.br\/wp-content\/uploads\/2019\/02\/13-Mapa_CE_CAD_A2.pdf\"><strong>Mapa Capacidade de \u00c1gua Dispon\u00edvel no Solo do Estado do Cear\u00e1 &#8211; 1972 \u2013 Escala 1:600.000<\/strong><\/a><\/p>\n<p>&nbsp;<\/p>\n<p class=\"destacado\"><a style=\"color: #108441;\" href=\"?page_id=2807\"><strong>Mapa Solos da Mesorregi\u00e3o do Cariri \u2013 2012\u2013 Escala: 1:100.000<\/strong><\/a><strong><a style=\"color: #108441;\" href=\"?page_id=2807\"> (EM BREVE)<\/a><\/strong><\/p>\n<p>&nbsp;<\/p>\n<ul class=\"ListaEst\">\n<li><a> COBERTURA VEGETAL E ANTROPISMO <\/a><\/li>\n<\/ul>\n<p>&nbsp;<\/p>\n<p class=\"destacado\"><a style=\"color: #108441;\" href=\"http:\/\/www.funceme.br\/wp-content\/uploads\/2019\/04\/19-Mapa_CE_Antropismo_A2-f.pdf\"><strong>Cobertura Vegetal e Antropismo do Estado do Cear\u00e1<\/strong><\/a><\/p>\n<p>&nbsp;<\/p>\n<p class=\"destacado\"><a style=\"color: #108441;\" href=\"http:\/\/www.funceme.br\/wp-content\/uploads\/2019\/04\/22-Mapa-Projeto-Litoral_Antropismo_A2-f.pdf\"><strong> Cobertura Vegetal e Antropismo da Zona Costeira<\/strong><\/a><\/p>\n<p>&nbsp;<\/p>\n<ul class=\"ListaEst\">\n<li><a> VEGETA\u00c7\u00c3O\/USO E OCUPA\u00c7\u00c3O DO SOLO <\/a><\/li>\n<\/ul>\n<p>&nbsp;<\/p>\n<p class=\"destacado\"><a style=\"color: #108441;\" href=\"http:\/\/www.funceme.br\/wp-content\/uploads\/2019\/02\/15-Mapa_CE_FItoecologico_A2.pdf\"><strong>Mapa Fitoecol\u00f3gico do Estado do Cear\u00e1 \u2013 1994 \u2013 Escala 1:600.000<\/strong><\/a><\/p>\n<p>&nbsp;<\/p>\n<p class=\"destacado\"><a style=\"color: #108441;\" href=\"http:\/\/www.funceme.br\/wp-content\/uploads\/2019\/02\/17-Mapa_CE_USO_A2.pdf\"><strong>Mapa de Uso e Ocupa\u00e7\u00e3o do Solo do Estado do Cear\u00e1 \u2013 1994 &#8211; Escala 1:600.000<\/strong><\/a><\/p>\n<p>&nbsp;<\/p>\n<p class=\"destacado\"><a style=\"color: #108441;\" href=\"?page_id=2807\"><strong>Mapa de Uso e Ocupa\u00e7\u00e3o do Solo da APA da Serra de Baturit\u00e9 \u2013 2007 &#8211; Escala 1:600.000<\/strong><\/a><strong><a style=\"color: #108441;\" href=\"?page_id=2807\"> (EM BREVE)<\/a><\/strong><\/p>\n<p>&nbsp;<\/p>\n<p class=\"destacado\"><a style=\"color: #108441;\" href=\"http:\/\/www.funceme.br\/wp-content\/uploads\/2019\/04\/26-Mapa_Solos_Mesorregi\u00e3o_A2-f.pdf\"><strong>Mapa de Uso e Ocupa\u00e7\u00e3o do Solo da Mesorregi\u00e3o do Sul Cearense \u2013 2012- Escala 1:100.000<\/strong><\/a><\/p>\n<p>&nbsp;<\/p>\n<p class=\"destacado\"><a style=\"color: #108441;\" href=\"http:\/\/www.funceme.br\/wp-content\/uploads\/2019\/02\/1-Uso-da-Terra-ASD-Irau%C3%A7uba.pdf\"><strong>Mapa de Uso e Ocupa\u00e7\u00e3o do Solo do N\u00facleo I \u2013 Irau\u00e7uba\/Centro-Norte &#8211; 2015 &#8211; Escala 1:100.000<\/strong><\/a><\/p>\n<p>&nbsp;<\/p>\n<p class=\"destacado\"><a style=\"color: #108441;\" href=\"http:\/\/www.funceme.br\/wp-content\/uploads\/2019\/02\/1-Uso-e-Ocupa%C3%A7%C3%A3o-da-Terra-ASD-Inhamuns.pdf\"><strong>Mapa de Uso e Ocupa\u00e7\u00e3o do Solo N\u00facleo II \u2013 Inhamuns &#8211; 2015 &#8211; Escala 1:100.000<\/strong><\/a><\/p>\n<p>&nbsp;<\/p>\n<p class=\"destacado\"><a style=\"color: #108441;\" href=\"http:\/\/www.funceme.br\/wp-content\/uploads\/2019\/04\/20-Mapa-Projeto-MataBranca-UsodoSolo-2010-f.pdf\"><strong>Mapa de Uso e Ocupa\u00e7\u00e3o do Projeto Mata Branca \u2013 2013 &#8211; Escala 1:100.000<\/strong><\/a><\/p>\n<p>&nbsp;<\/p>\n<p class=\"destacado\"><a style=\"color: #108441;\" href=\"?page_id=2807\"><strong>Mapa de Uso e Ocupa\u00e7\u00e3o das \u00c1reas de Entorno de A\u00e7udes com Vistas ao Ordenamento Territorial<\/strong><\/a><strong><a style=\"color: #108441;\" href=\"?page_id=2807\"> (EM BREVE)<\/a><\/strong><\/p>\n<p>&nbsp;<\/p>\n<ul class=\"ListaEst\">\n<li><a> COMPARTIMENTA\u00c7\u00c3O GEOAMBIENTAL <\/a><\/li>\n<\/ul>\n<p>&nbsp;<\/p>\n<p class=\"destacado\"><a style=\"color: #108441;\" href=\"http:\/\/www.funceme.br\/wp-content\/uploads\/2019\/02\/19-Mapa_CE_Compartimenta\u00e7\u00e3o_A2.pdf\"><strong>Mapa da Compartimenta\u00e7\u00e3o Geoambiental do Estado do Cear\u00e1 \u2013 2009 &#8211; Escala 1:600.000<\/strong><\/a><\/p>\n<p>&nbsp;<\/p>\n<p class=\"destacado\"><a style=\"color: #108441;\" href=\"?page_id=2807\"><strong>Mapa da Compartimenta\u00e7\u00e3o Geoambiental da Zona Litor\u00e2nea do Estado do Cear\u00e1 &#8211; 2009 &#8211; Escala 1:100.000<\/strong><\/a><strong><a style=\"color: #108441;\" href=\"?page_id=2807\"> (EM BREVE)<\/a><\/strong><\/p>\n<p>&nbsp;<\/p>\n<p class=\"destacado\"><a style=\"color: #108441;\" href=\"?page_id=2807\"><strong>Mapa da Compartimenta\u00e7\u00e3o Geoambiental da Mesorregi\u00e3o do Sul Cearense \u2013 2006 &#8211; Escala 1:100.000<\/strong><\/a><strong><a style=\"color: #108441;\" href=\"?page_id=2807\"> (EM BREVE)<\/a><\/strong><\/p>\n<p>&nbsp;<\/p>\n<p class=\"destacado\"><a style=\"color: #108441;\" href=\"https:\/\/www.cidades.ce.gov.br\/comissao-de-avaliacao-de-desempenho-cade\/\"><strong>Mapa da Compartimenta\u00e7\u00e3o Geoambiental do N\u00facleo I \u2013 Irau\u00e7uba\/Centro-Norte &#8211; 2015 &#8211; Escala 1:100.000<\/strong><\/a><strong><a style=\"color: #108441;\" href=\"?page_id=2807\"> (EM BREVE)<\/a><\/strong><\/p>\n<p>&nbsp;<\/p>\n<p class=\"destacado\"><a style=\"color: #108441;\" href=\"#\"><strong>Mapa da Compartimenta\u00e7\u00e3o Geoambiental do N\u00facleo II \u2013 Inhamuns &#8211; 2015 &#8211; Escala 1:100.000<\/strong><\/a><strong><a style=\"color: #108441;\" href=\"?page_id=2807\"> (EM BREVE)<\/a><\/strong><\/p>\n<p>&nbsp;<\/p>\n<p class=\"destacado\"><a style=\"color: #108441;\" href=\"http:\/\/www.funceme.br\/wp-content\/uploads\/2019\/04\/21-Mapa-Projeto-MataBranca_Compart_Geoambiental-2010-f.pdf\"><strong>Mapa da Compartimenta\u00e7\u00e3o Geoambiental do Projeto Mata Branca &#8211; 2013 &#8211; Escala 1:100.000<\/strong><\/a><\/p>\n<p>&nbsp;<\/p>\n<ul class=\"ListaEst\">\n<li><a> CARCINICULTURA <\/a><\/li>\n<\/ul>\n<p>&nbsp;<\/p>\n<p class=\"destacado\"><a style=\"color: #108441;\" href=\"?page_id=2807\"><strong>Mapa da Carcinicultura no Estado do Cear\u00e1<\/strong><\/a><strong><a style=\"color: #108441;\" href=\"?page_id=2807\"> (EM BREVE)<\/a><\/strong><\/p>\n<p>&nbsp;<\/p>\n<ul class=\"ListaEst\">\n<li><a> CLIMA <\/a><\/li>\n<\/ul>\n<p>&nbsp;<\/p>\n<p class=\"destacado\"><a style=\"color: #108441;\" href=\"http:\/\/www.funceme.br\/wp-content\/uploads\/2019\/02\/14-Mapa_CE_Climatologia_A2.pdf\"><strong>Mapa da Climatologia do Estado do Cear\u00e1 Per\u00edodo 1981 a 2010<\/strong><\/a><\/p>\n<p>&nbsp;<\/p>\n<ul class=\"ListaEst\">\n<li><a> SEMI\u00c1RIDO <\/a><\/li>\n<\/ul>\n<p>&nbsp;<\/p>\n<p class=\"destacado\"><a style=\"color: #108441;\" href=\"http:\/\/www.funceme.br\/wp-content\/uploads\/2019\/02\/10-Mapa_CE_Semi\u00e1rico_BNB-FUNCEME_A2.pdf\"><strong>Mapa da Delimita\u00e7\u00e3o do Semi\u00e1rido do Estado do Cear\u00e1 \u2013 FUNCEME\/BNB, 2005<\/strong><\/a><\/p>\n<p>&nbsp;<\/p>\n<p class=\"destacado\"><a style=\"color: #108441;\" href=\"http:\/\/www.funceme.br\/wp-content\/uploads\/2019\/02\/9-Mapa_CE_Semi\u00e1rico_2005_A2.pdf\"><strong>Mapa da Delimita\u00e7\u00e3o do Semi\u00e1rido do Estado do Cear\u00e1 \u2013 MI, 2005<\/strong><\/a><\/p>\n<p>&nbsp;<\/p>\n<p class=\"destacado\"><a style=\"color: #108441;\" href=\"http:\/\/www.funceme.br\/wp-content\/uploads\/2019\/02\/8-Mapa_CE_Semi\u00e1rido_2017_A2.pdf\"><strong>Mapa da Delimita\u00e7\u00e3o do Semi\u00e1rido do Estado do Cear\u00e1 \u2013 CONDEL, 2017<\/strong><\/a><\/p>\n<p>&nbsp;<\/p>\n<ul class=\"ListaEst\">\n<li><a> UNIDADES DE CONSERVA\u00c7\u00c3O <\/a><\/li>\n<\/ul>\n<p>&nbsp;<\/p>\n<p class=\"destacado\"><a style=\"color: #108441;\" href=\"?page_id=2807\"><strong>Mapa das Unidades de Conserva\u00e7\u00e3o no Estado do Cear\u00e1 &#8211; Municipal<\/strong><\/a><strong><a style=\"color: #108441;\" href=\"?page_id=2807\"> (EM BREVE)<\/a><\/strong><\/p>\n<p>&nbsp;<\/p>\n<p class=\"destacado\"><a style=\"color: #108441;\" href=\"?page_id=2807\"><strong>Mapa das Unidades de Conserva\u00e7\u00e3o no Estado do Cear\u00e1 &#8211; Estadual<\/strong><\/a><strong><a style=\"color: #108441;\" href=\"?page_id=2807\"> (EM BREVE)<\/a><\/strong><\/p>\n<p>&nbsp;<\/p>\n<p class=\"destacado\"><a style=\"color: #108441;\" href=\"?page_id=2807\"><strong>Mapa das Unidades de Conserva\u00e7\u00e3o no Estado do Cear\u00e1 &#8211; Federal<\/strong><\/a><strong><a style=\"color: #108441;\" href=\"?page_id=2807\"> (EM BREVE)<\/a><\/strong><\/p>\n<p>&nbsp;<\/p>\n<p class=\"destacado\"><a style=\"color: #108441;\" href=\"?page_id=2807\"><strong>Mapa das Reservas Ecol\u00f3gicas Particulares &#8211; Estadual<\/strong><\/a><strong><a style=\"color: #108441;\" href=\"?page_id=2807\"> (EM BREVE)<\/a><\/strong><\/p>\n<p>&nbsp;<\/p>\n<p class=\"destacado\"><a style=\"color: #108441;\" href=\"?page_id=2807\"><strong>Mapa das \u00c1reas Protegidas no munic\u00edpio de Fortaleza<\/strong><\/a><strong><a style=\"color: #108441;\" href=\"?page_id=2807\"> (EM BREVE)<\/a><\/strong><\/p>\n<p>&nbsp;<\/p>\n<p class=\"destacado\"><a style=\"color: #108441;\" href=\"?page_id=2807\"><strong>Mapa da Reserva Particular do Patrim\u00f4nio Natural<\/strong><\/a><strong><a style=\"color: #108441;\" href=\"?page_id=2807\"> (EM BREVE)<\/a><\/strong><\/p>\n<p>&nbsp;<\/p>\n<ul class=\"ListaEst\">\n<li><a> ZONEAMENTO <\/a><\/li>\n<\/ul>\n<p class=\"destacado\"><a style=\"color: #108441;\" href=\"https:\/\/www.cidades.ce.gov.br\/comissao-de-avaliacao-de-desempenho-cade\/\"><strong>Mapa do Zoneamento Ecol\u00f3gico\u2013Econ\u00f4mico das \u00c1reas Suscet\u00edveis \u00e0 Desertifica\u00e7\u00e3o do Estado do Cear\u00e1 \u2013 N\u00facleo I \u2013 Irau\u00e7uba\/Centro-Norte \u2013 2015 &#8211; Escala 1:100.000<\/strong><\/a><strong><a style=\"color: #108441;\" href=\"?page_id=2807\"> (EM BREVE)<\/a><\/strong><\/p>\n<p>&nbsp;<\/p>\n<p class=\"destacado\"><a style=\"color: #108441;\" href=\"https:\/\/www.cidades.ce.gov.br\/comissao-de-avaliacao-de-desempenho-cade\/\"><strong>Mapa do Zoneamento Ecol\u00f3gico\u2013Econ\u00f4mico das \u00c1reas Suscet\u00edveis \u00e0 Desertifica\u00e7\u00e3o do Estado do Cear\u00e1 \u2013 N\u00facleo II \u2013 Inhamuns \u2013 2015 &#8211; Escala 1:100.000<\/strong><\/a><strong><a style=\"color: #108441;\" href=\"?page_id=2807\"> (EM BREVE)<\/a><\/strong><\/p>\n<p>&nbsp;<\/p>\n<p class=\"destacado\"><a style=\"color: #108441;\" href=\"?page_id=2807\"><strong>Mapa das Reservas Ecol\u00f3gicas Particulares &#8211; Estadual<\/strong><\/a><strong><a style=\"color: #108441;\" href=\"?page_id=2807\"> (EM BREVE)<\/a><\/strong><\/p>\n<p>&nbsp;<\/p>\n<p class=\"destacado\"><a style=\"color: #108441;\" href=\"?page_id=2807\"><strong>Zoneamento Agroecol\u00f3gico da Mesorregi\u00e3o do Sul Cearense Macrozoneamento Agroecol\u00f3gico do Estado do Cear\u00e1<\/strong><\/a><strong><a style=\"color: #108441;\" href=\"?page_id=2807\"> (EM BREVE)<\/a><\/strong><\/p>\n<p>&nbsp;<\/p>\n<p class=\"destacado\"><a style=\"color: #108441;\" href=\"?page_id=2807\"><strong>Macrozoneamento Agroecol\u00f3gico do Estado do Cear\u00e1 (EM BREVE)<\/strong><\/a><\/p>\n<p>&nbsp;<\/p>\n","protected":false},"excerpt":{"rendered":"<p>&nbsp; RELA\u00c7\u00c3O DE PROJETOS CONCLU\u00cdDOS DA \u00c1REA DE RECURSOS H\u00cdDRICOS &nbsp; Os estudos e pesquisas cient\u00edficas desta \u00e1rea est\u00e3o voltados para o diagn\u00f3stico e acompanhamento dos recursos naturais renov\u00e1veis e das condi\u00e7\u00f5es geoambientais em n\u00edvel municipal, estadual e regional, gerando informa\u00e7\u00f5es din\u00e2micas e atualizadas, atrav\u00e9s de t\u00e9cnicas de sensoriamento remoto, geoprocessamento e outras, vinculado ao [&hellip;]<\/p>\n","protected":false},"author":4,"featured_media":0,"parent":3277,"menu_order":2,"comment_status":"closed","ping_status":"closed","template":"pagina-lista-filhas.php","meta":[],"acf":[],"_links":{"self":[{"href":"http:\/\/www.funceme.br\/index.php?rest_route=\/wp\/v2\/pages\/2807"}],"collection":[{"href":"http:\/\/www.funceme.br\/index.php?rest_route=\/wp\/v2\/pages"}],"about":[{"href":"http:\/\/www.funceme.br\/index.php?rest_route=\/wp\/v2\/types\/page"}],"author":[{"embeddable":true,"href":"http:\/\/www.funceme.br\/index.php?rest_route=\/wp\/v2\/users\/4"}],"replies":[{"embeddable":true,"href":"http:\/\/www.funceme.br\/index.php?rest_route=%2Fwp%2Fv2%2Fcomments&post=2807"}],"version-history":[{"count":61,"href":"http:\/\/www.funceme.br\/index.php?rest_route=\/wp\/v2\/pages\/2807\/revisions"}],"predecessor-version":[{"id":4626,"href":"http:\/\/www.funceme.br\/index.php?rest_route=\/wp\/v2\/pages\/2807\/revisions\/4626"}],"up":[{"embeddable":true,"href":"http:\/\/www.funceme.br\/index.php?rest_route=\/wp\/v2\/pages\/3277"}],"wp:attachment":[{"href":"http:\/\/www.funceme.br\/index.php?rest_route=%2Fwp%2Fv2%2Fmedia&parent=2807"}],"curies":[{"name":"wp","href":"https:\/\/api.w.org\/{rel}","templated":true}]}}