{"id":3527,"date":"2019-02-27T08:04:19","date_gmt":"2019-02-27T11:04:19","guid":{"rendered":"http:\/\/www.funceme.br\/?page_id=3527"},"modified":"2026-03-04T10:42:49","modified_gmt":"2026-03-04T13:42:49","slug":"contatos-por-area","status":"publish","type":"page","link":"http:\/\/www.funceme.br\/?page_id=3527","title":{"rendered":"QUEM \u00c9 QUEM"},"content":{"rendered":"<style>\n.nivel1 li{\n   margin-left: 30px;\n}\n.nivel2{\n   margin-left: 30px;\n}<\/p>\n<p>.nivel3{\n   margin-left: 60px;\n}\n<\/style>\n<p><button class=\"BgVerde\"> &#8211; DIRE\u00c7\u00c3O SUPERIOR &#8211; <\/button><br \/>\n&nbsp;<\/p>\n<ul class=\"ListaEst nivel1\">\n<li><a> PRESID\u00caNCIA | Eduardo S\u00e1vio Passos Rodrigues Martins |\u00a0<small>presidencia@funceme.br<\/small><\/a><\/li>\n<\/ul>\n<p><button class=\"BgVerde\"> &#8211; \u00d3RG\u00c3OS DE ASSESSORAMENTO &#8211; <\/button><br \/>\n&nbsp;<\/p>\n<ul class=\"ListaEst nivel1\">\n<li><a> ASSESSORIA JUR\u00cdDICA | Marilene da P\u00e1scoa Barros |\u00a0<small> marilene.barros@funceme.br<\/small><\/a><\/li>\n<li><a> ASSESSORIA DE DESENVOLVIMENTO INSTITUCIONAL E PLANEJAMENTO |\u00a0Suelde Maria Gon\u00e7alves |\u00a0<small>\u00a0suelde@funceme.br<\/small><\/a><\/li>\n<li><a> ASSESSORIA DE CONTROLE INTERNO E OUVIDORIA | Maria Goretti Mamedio de Sousa Melo |\u00a0<small> goretti.mamedio@funceme.br <\/small><\/a><\/li>\n<li><a> ASSESSORIA ESPECIAL DA PRESID\u00caNCIA | Francisco Hoilton Araripe Rios |\u00a0<small>hoilton.rios@funceme.br<\/small><\/a><\/li>\n<\/ul>\n<p><button class=\"BgVerde\"> &#8211; \u00d3RG\u00c3OS DE EXECU\u00c7\u00c3O PROGRAM\u00c1TICA &#8211; <\/button><br \/>\n&nbsp;<\/p>\n<ul class=\"ListaEst  nivel1\">\n<li><a> DIRETORIA T\u00c9CNICA | Francisco das Chagas Vasconcelos J\u00fanior |\u00a0<small>francisco.vasconcelos@funceme.br<\/small><\/a><\/li>\n<ul class=\"ListaEst nivel2\">\n<li><a> GER\u00caNCIA DE ESTUDOS E PESQUISAS EM MEIO AMBIENTE | Manuel Rodrigues de Freitas |\u00a0<small>manuel.rodrigues@funceme.br<\/small><\/a><\/li>\n<li><a> GER\u00caNCIA DE ESTUDOS E PESQUISAS EM RECURSOS H\u00cdDRICOS | Renan Vieira Rocha |\u00a0<small>renan.rocha@funceme.br<\/small><\/a><\/li>\n<li><a> GER\u00caNCIA DE METEOROLOGIA | Meiry Sayuri Sakamoto |\u00a0<small>meiry@funceme.br<\/small><\/a><\/li>\n<li><a> GER\u00caNCIA DE OPERA\u00c7\u00c3O E MANUTEN\u00c7\u00c3O DA REDE DE MONITORAMENTO | Elano Lamartine Le\u00e3o Joca | <small>elano.joca@funceme.br<\/small> <\/a><\/li>\n<ul class=\"ListaEst nivel2\">\n<li><a> N\u00daCLEO DE MONITORAMENTO | Jo\u00e3o Bosco Filho |\u00a0<small>bosco@funceme.br\u00a0<\/small><\/a><\/li>\n<\/ul>\n<li><a> UNIDADE DE ESTUDOS B\u00c1SICOS | Cl\u00e9cia Cristina Barbosa Guimar\u00e3es |\u00a0<small>clecia.guimaraes@funceme.br<\/small><\/a><\/li>\n<\/ul>\n<\/ul>\n<p><button class=\"BgVerde\"> &#8211; \u00d3RG\u00c3OS DE EXECU\u00c7\u00c3O INSTRUMENTAL &#8211; <\/button><br \/>\n&nbsp; <\/p>\n<ul class=\"ListaEst  nivel1\">\n<li><a> DIRETORIA ADMINISTRATIVO-FINANCEIRA | Luis Cesar Pinho |\u00a0<small> lcesar@funceme.br\u00a0<\/small><\/a><\/li>\n<ul class=\"ListaEst nivel2\">\n<li><a> GER\u00caNCIA DE GEST\u00c3O DE PESSOAS | Pericles Alves Teixeira |\u00a0<small> pericles.teixeira@funceme.br\u00a0<\/small><\/a><\/li>\n<ul class=\"ListaEst nivel2\">\n<li><a> N\u00daCLEO DE REGISTROS FUNCIONAIS | Maria da Concei\u00e7\u00e3o Rodrigues de Oliveira | <small> maria.oliveira@funceme.br<\/small><\/a><\/li>\n<\/ul>\n<li><a> N\u00daCLEO DE SUPORTE LOG\u00cdSTICO |\u00a0Sheila F\u00e1tima Rodrigues Sampaio | <small> sheila@funceme.br\u00a0<\/small> <\/a><\/li>\n<li><a> GER\u00caNCIA DE GEST\u00c3O FINANCEIRA | B\u00e1rbara Diniz da Silva |\u00a0<small>barbara.diniz@funceme.br<\/small><\/a><\/li>\n<ul class=\"ListaEst nivel2\">\n<li><a> N\u00daCLEO DE CONTABILIDADE |\u00a0Ant\u00f4nio \u00cdtalo Oliveira Abreu | <small>antonio.abreu@funceme.br<\/small><\/a><\/li>\n<\/ul>\n<\/ul>\n<li><a> GER\u00caNCIA DE TECNOLOGIA DA INFORMA\u00c7\u00c3O E COMUNICA\u00c7\u00c3O | Jos\u00e9 Marcelo Rodrigues Pereira | <small> marcelo.rodrigues@funceme.br<\/small><\/a><\/li>\n<ul class=\"ListaEst nivel2\">\n<li><a> UNIDADE DE SUPORTE DE TECNOLOGIA DA INFORMA\u00c7\u00c3O E COMUNICA\u00c7\u00c3O | Jo\u00e3o Gon\u00e7alves Filho | <small> joao.goncalves@funceme.br<\/small><\/a><\/li>\n<\/ul>\n<\/ul>\n","protected":false},"excerpt":{"rendered":"<p>&#8211; DIRE\u00c7\u00c3O SUPERIOR &#8211; &nbsp; PRESID\u00caNCIA | Eduardo S\u00e1vio Passos Rodrigues Martins |\u00a0presidencia@funceme.br &#8211; \u00d3RG\u00c3OS DE ASSESSORAMENTO &#8211; &nbsp; ASSESSORIA JUR\u00cdDICA | Marilene da P\u00e1scoa Barros |\u00a0 marilene.barros@funceme.br ASSESSORIA DE DESENVOLVIMENTO INSTITUCIONAL E PLANEJAMENTO |\u00a0Suelde Maria Gon\u00e7alves |\u00a0\u00a0suelde@funceme.br ASSESSORIA DE CONTROLE INTERNO E OUVIDORIA | Maria Goretti Mamedio de Sousa Melo |\u00a0 goretti.mamedio@funceme.br ASSESSORIA ESPECIAL [&hellip;]<\/p>\n","protected":false},"author":4,"featured_media":0,"parent":374,"menu_order":6,"comment_status":"closed","ping_status":"closed","template":"pagina-lista-filhas.php","meta":[],"acf":[],"_links":{"self":[{"href":"http:\/\/www.funceme.br\/index.php?rest_route=\/wp\/v2\/pages\/3527"}],"collection":[{"href":"http:\/\/www.funceme.br\/index.php?rest_route=\/wp\/v2\/pages"}],"about":[{"href":"http:\/\/www.funceme.br\/index.php?rest_route=\/wp\/v2\/types\/page"}],"author":[{"embeddable":true,"href":"http:\/\/www.funceme.br\/index.php?rest_route=\/wp\/v2\/users\/4"}],"replies":[{"embeddable":true,"href":"http:\/\/www.funceme.br\/index.php?rest_route=%2Fwp%2Fv2%2Fcomments&post=3527"}],"version-history":[{"count":72,"href":"http:\/\/www.funceme.br\/index.php?rest_route=\/wp\/v2\/pages\/3527\/revisions"}],"predecessor-version":[{"id":14807,"href":"http:\/\/www.funceme.br\/index.php?rest_route=\/wp\/v2\/pages\/3527\/revisions\/14807"}],"up":[{"embeddable":true,"href":"http:\/\/www.funceme.br\/index.php?rest_route=\/wp\/v2\/pages\/374"}],"wp:attachment":[{"href":"http:\/\/www.funceme.br\/index.php?rest_route=%2Fwp%2Fv2%2Fmedia&parent=3527"}],"curies":[{"name":"wp","href":"https:\/\/api.w.org\/{rel}","templated":true}]}}