{"id":6007,"date":"2019-12-09T12:53:28","date_gmt":"2019-12-09T15:53:28","guid":{"rendered":"http:\/\/www.funceme.br\/?page_id=6007"},"modified":"2025-06-04T11:05:09","modified_gmt":"2025-06-04T14:05:09","slug":"concurso-publico-2018-funceme","status":"publish","type":"page","link":"http:\/\/www.funceme.br\/?page_id=6007","title":{"rendered":"CONCURSO P\u00daBLICO 2018 &#8211; FUNCEME"},"content":{"rendered":"<h2><b>CONCURSO P\u00daBLICO 2018 &#8211; FUNCEME<\/b><\/h2>\n<p>&nbsp;<\/p>\n<h3><span style=\"color: #fc6836;\"><b>LINKS PARA CONSULTA (PDF)<\/b><\/span><\/h3>\n<hr \/>\n<p>&nbsp;<\/p>\n<p>1 \u2013 <a href=\"http:\/\/www.funceme.br\/wp-content\/uploads\/2019\/12\/Edital-Convoca\u00e7\u00e3o.pdf\">Convoca\u00e7\u00e3o de Candidatos Aprovados<\/a><\/p>\n<p>2 \u2013 <a href=\"http:\/\/www.funceme.br\/wp-content\/uploads\/2019\/12\/Formulario-com-Dados-Pessoais.pdf\">Formul\u00e1rio \u2013 Dados Pessoais<\/a><\/p>\n<p>3 \u2013 <a href=\"http:\/\/www.funceme.br\/wp-content\/uploads\/2019\/12\/Declaracao-de-Nao-Participacao-em-Atividade-Comercial-Administrativa-e-Societaria.pdf\">Declara\u00e7\u00e3o de N\u00e3o Participa\u00e7\u00e3o de Atividade Comercial, Administrativa e Societ\u00e1ria<\/a><\/p>\n<p>4 \u2013 <a href=\"http:\/\/www.funceme.br\/wp-content\/uploads\/2019\/12\/Declaracao-de-Nao-Aposentado-por-Invalidez.pdf\">Declara\u00e7\u00e3o de N\u00e3o Aposentadoria por Invalidez<\/a><\/p>\n<p>5 \u2013 <a href=\"http:\/\/www.funceme.br\/wp-content\/uploads\/2019\/12\/Declaracao-de-Bens-e-Valores.pdf\">Declara\u00e7\u00e3o de Bens e Valores<\/a><\/p>\n<p>6 \u2013 <a href=\"http:\/\/www.funceme.br\/wp-content\/uploads\/2019\/12\/Penalidade-Incompativel-com-o-Cargo.pdf\">Declara\u00e7\u00e3o de N\u00e3o Ter Sofrido Penalidade Incompat\u00edvel com o Cargo<\/a><\/p>\n<p>7 \u2013 <a href=\"http:\/\/www.funceme.br\/wp-content\/uploads\/2019\/12\/Declaracao-de-Desistencia.pdf\">Declara\u00e7\u00e3o de Desist\u00eancia Definitiva de Nomea\u00e7\u00e3o ou de Interesse em Reposicionamento no Fim da Fila Classificat\u00f3ria<\/a><br \/>\n&nbsp;<\/p>\n<h3><span style=\"color: #fc6836;\"><b>LINKS PARA DOWNLOAD<\/b><\/span><\/h3>\n<hr \/>\n<p>1 \u2013 <a href=\"http:\/\/www.funceme.br\/wp-content\/uploads\/2019\/12\/Edital-Convoca\u00e7\u00e3o.odt\">Convoca\u00e7\u00e3o de Candidatos Aprovados<\/a><\/p>\n<p>2 \u2013 <a href=\"http:\/\/www.funceme.br\/wp-content\/uploads\/2019\/12\/Formulario-com-Dados-Pessoais.doc\">Formul\u00e1rio \u2013 Dados Pessoais<\/a><\/p>\n<p>3 \u2013 <a href=\"http:\/\/www.funceme.br\/wp-content\/uploads\/2019\/12\/Declaracao-de-Nao-Participacao-em-Atividade-Comercial-Administrativa-e-Societaria.doc\">Declara\u00e7\u00e3o de N\u00e3o Participa\u00e7\u00e3o \u2013 Atividade Comercial, Administrativa e Societ\u00e1ria<\/a><\/p>\n<p>4 \u2013 <a href=\"http:\/\/www.funceme.br\/wp-content\/uploads\/2019\/12\/Declaracao-de-Nao-Aposentado-por-Invalidez.doc\">Declara\u00e7\u00e3o de N\u00e3o Aposentadoria por Invalidez<\/a><\/p>\n<p>5 \u2013 <a href=\"http:\/\/www.funceme.br\/wp-content\/uploads\/2019\/12\/Declaracao-de-Bens-e-Valores.doc\">Declara\u00e7\u00e3o de Bens e Valores<\/a><\/p>\n<p>6 \u2013 <a href=\"http:\/\/www.funceme.br\/wp-content\/uploads\/2019\/12\/Declara\u00e7\u00e3o-Nao-Ter-Sofrido-Penalidade-Incompativel-com-o-Cargo-1.ods\">Declara\u00e7\u00e3o de N\u00e3o ter Sofrido Penalidade Incompat\u00edvel com o Cargo<\/a><\/p>\n<p>7 \u2013 <a href=\"http:\/\/www.funceme.br\/wp-content\/uploads\/2019\/12\/Declaracao-de-Desistencia.doc\">Declara\u00e7\u00e3o de Desist\u00eancia Definitiva de Nomea\u00e7\u00e3o ou de Interesse em Reposicionamento no Fim da Fila Classificat\u00f3ria<\/a><\/p>\n<p> 8 \u2013 <a href=\"http:\/\/www.funceme.br\/wp-content\/uploads\/2020\/12\/Comunicado-Concurso-2018.pdf\">COMUNICADO  No 001\/2020 <\/a> e <a href=\"http:\/\/www.funceme.br\/wp-content\/uploads\/2020\/12\/Anexos-I-e-II.pdf\">ANEXOS <\/a> <\/p>\n<p>&nbsp;<\/p>\n<p>Para mais informa\u00e7\u00f5es, entrar em contato por meio do e-mail\u00a0<strong>concurso2018@funceme.br<\/strong> ou atrav\u00e9s dos telefones <strong>(85) 3125.8253<\/strong> e <strong>3125.8254.<\/strong><\/p>\n","protected":false},"excerpt":{"rendered":"<p>CONCURSO P\u00daBLICO 2018 &#8211; FUNCEME &nbsp; LINKS PARA CONSULTA (PDF) &nbsp; 1 \u2013 Convoca\u00e7\u00e3o de Candidatos Aprovados 2 \u2013 Formul\u00e1rio \u2013 Dados Pessoais 3 \u2013 Declara\u00e7\u00e3o de N\u00e3o Participa\u00e7\u00e3o de Atividade Comercial, Administrativa e Societ\u00e1ria 4 \u2013 Declara\u00e7\u00e3o de N\u00e3o Aposentadoria por Invalidez 5 \u2013 Declara\u00e7\u00e3o de Bens e Valores 6 \u2013 Declara\u00e7\u00e3o de N\u00e3o [&hellip;]<\/p>\n","protected":false},"author":4,"featured_media":0,"parent":0,"menu_order":0,"comment_status":"closed","ping_status":"closed","template":"","meta":[],"acf":[],"_links":{"self":[{"href":"http:\/\/www.funceme.br\/index.php?rest_route=\/wp\/v2\/pages\/6007"}],"collection":[{"href":"http:\/\/www.funceme.br\/index.php?rest_route=\/wp\/v2\/pages"}],"about":[{"href":"http:\/\/www.funceme.br\/index.php?rest_route=\/wp\/v2\/types\/page"}],"author":[{"embeddable":true,"href":"http:\/\/www.funceme.br\/index.php?rest_route=\/wp\/v2\/users\/4"}],"replies":[{"embeddable":true,"href":"http:\/\/www.funceme.br\/index.php?rest_route=%2Fwp%2Fv2%2Fcomments&post=6007"}],"version-history":[{"count":28,"href":"http:\/\/www.funceme.br\/index.php?rest_route=\/wp\/v2\/pages\/6007\/revisions"}],"predecessor-version":[{"id":14201,"href":"http:\/\/www.funceme.br\/index.php?rest_route=\/wp\/v2\/pages\/6007\/revisions\/14201"}],"wp:attachment":[{"href":"http:\/\/www.funceme.br\/index.php?rest_route=%2Fwp%2Fv2%2Fmedia&parent=6007"}],"curies":[{"name":"wp","href":"https:\/\/api.w.org\/{rel}","templated":true}]}}